{"id":11,"date":"2023-10-29T11:49:37","date_gmt":"2023-10-29T11:49:37","guid":{"rendered":"https:\/\/residenciamadrigal.com\/?page_id=11"},"modified":"2024-01-24T13:39:25","modified_gmt":"2024-01-24T13:39:25","slug":"acerca-de","status":"publish","type":"page","link":"https:\/\/residenciamadrigal.com\/","title":{"rendered":"Inicio"},"content":{"rendered":"\n<div class=\"wp-block-cover is-light\"><span aria-hidden=\"true\" class=\"wp-block-cover__background has-white-background-color has-background-dim-0 has-background-dim\"><\/span><img loading=\"lazy\" decoding=\"async\" width=\"1024\" height=\"516\" class=\"wp-block-cover__image-background wp-image-75\" alt=\"\" src=\"http:\/\/residenciamadrigal.com\/wp-content\/uploads\/2024\/01\/senior2-1024x516.jpg\" data-object-fit=\"cover\" srcset=\"https:\/\/residenciamadrigal.com\/wp-content\/uploads\/2024\/01\/senior2-1024x516.jpg 1024w, https:\/\/residenciamadrigal.com\/wp-content\/uploads\/2024\/01\/senior2-300x151.jpg 300w, https:\/\/residenciamadrigal.com\/wp-content\/uploads\/2024\/01\/senior2-768x387.jpg 768w, https:\/\/residenciamadrigal.com\/wp-content\/uploads\/2024\/01\/senior2.jpg 1400w\" sizes=\"auto, (max-width: 1024px) 100vw, 1024px\" \/><div class=\"wp-block-cover__inner-container is-layout-flow wp-block-cover-is-layout-flow\">\n<p class=\"has-text-align-left has-text-color has-link-color has-large-font-size wp-elements-3ce06a5a92eda98205280332a75bd4d7\" style=\"color:#1e64ac\"><em><a href=\"mailto:contacto@residenciamadrigal.com\" title=\"Env\u00edanos un correo\">contacto@residenciamadrigal.com<\/a><\/em><\/p>\n\n\n\n<p class=\"has-text-color has-link-color has-large-font-size wp-elements-0ffc40d65a498a6d36e728f71d06eaca\" style=\"color:#1e64ac\">Telf : <em>964 53 80 7<\/em>9<\/p>\n\n\n\n<p class=\"has-text-color has-link-color has-large-font-size wp-elements-c48a5ba263ac2ef84fdb7393229459a9\" style=\"color:#1e64ac\"><a href=\"https:\/\/www.google.es\/maps\/place\/C.+la+Plana,+49,+12540+Villarreal,+Castell%C3%B3n\/@39.9464851,-0.1010319,17z\/data=!3m1!4b1!4m6!3m5!1s0xd60071be7711091:0x123237c78adfeee3!8m2!3d39.946481!4d-0.098457!16s%2Fg%2F11c5qj_xjz?entry=ttu\" target=\"_blank\" rel=\"noopener\" title=\"\"><em>C\/ La plana 49, Vila-real<\/em><\/a><\/p>\n\n\n\n<p class=\"has-large-font-size\"><\/p>\n<\/div><\/div>\n\n\n\n<h2 class=\"wp-block-heading has-text-align-center has-text-color has-link-color has-huge-font-size wp-elements-10a3dbcbd35910267258dfe3c5af76de\" style=\"color:#0c8d71\">Compromiso de bienestar<\/h2>\n\n\n\n<p class=\"has-text-color has-link-color has-large-font-size wp-elements-9207ee4e5cc09c17e88312663156a77a\" style=\"color:#1e64ac\">La Residencia MADRIGAL es un centro de atenci\u00f3n integral, desarrollo personal y atenci\u00f3n sociosanitaria interprofesional de hospedaje temporal o permanente para personas dependientes<\/p>\n\n\n\n<figure class=\"wp-block-gallery has-nested-images columns-6 wp-block-gallery-1 is-layout-flex wp-block-gallery-is-layout-flex\">\n<figure class=\"wp-block-image size-thumbnail\"><a href=\"https:\/\/residenciamadrigal.com\/wp-content\/uploads\/2024\/01\/IMG-20240122-WA0000.jpg\"><img loading=\"lazy\" decoding=\"async\" width=\"150\" height=\"150\" data-id=\"132\" src=\"https:\/\/residenciamadrigal.com\/wp-content\/uploads\/2024\/01\/IMG-20240122-WA0000-150x150.jpg\" alt=\"\" class=\"wp-image-132\"\/><\/a><\/figure>\n\n\n\n<figure class=\"wp-block-image size-thumbnail\"><a href=\"https:\/\/residenciamadrigal.com\/wp-content\/uploads\/2024\/01\/IMG-20240122-WA0001.jpg\"><img loading=\"lazy\" decoding=\"async\" width=\"150\" height=\"150\" data-id=\"136\" src=\"https:\/\/residenciamadrigal.com\/wp-content\/uploads\/2024\/01\/IMG-20240122-WA0001-150x150.jpg\" alt=\"\" class=\"wp-image-136\"\/><\/a><\/figure>\n\n\n\n<figure class=\"wp-block-image size-thumbnail\"><a href=\"https:\/\/residenciamadrigal.com\/wp-content\/uploads\/2024\/01\/IMG-20240122-WA0002.jpg\"><img loading=\"lazy\" decoding=\"async\" width=\"150\" height=\"150\" data-id=\"134\" src=\"https:\/\/residenciamadrigal.com\/wp-content\/uploads\/2024\/01\/IMG-20240122-WA0002-150x150.jpg\" alt=\"\" class=\"wp-image-134\"\/><\/a><\/figure>\n\n\n\n<figure class=\"wp-block-image size-thumbnail\"><a href=\"https:\/\/residenciamadrigal.com\/wp-content\/uploads\/2024\/01\/IMG-20240122-WA0003.jpg\"><img loading=\"lazy\" decoding=\"async\" width=\"150\" height=\"150\" data-id=\"137\" src=\"https:\/\/residenciamadrigal.com\/wp-content\/uploads\/2024\/01\/IMG-20240122-WA0003-150x150.jpg\" alt=\"\" class=\"wp-image-137\"\/><\/a><\/figure>\n\n\n\n<figure class=\"wp-block-image size-thumbnail\"><a href=\"https:\/\/residenciamadrigal.com\/wp-content\/uploads\/2024\/01\/IMG-20240122-WA0004.jpg\"><img loading=\"lazy\" decoding=\"async\" width=\"150\" height=\"150\" data-id=\"135\" src=\"https:\/\/residenciamadrigal.com\/wp-content\/uploads\/2024\/01\/IMG-20240122-WA0004-150x150.jpg\" alt=\"\" class=\"wp-image-135\"\/><\/a><\/figure>\n\n\n\n<figure class=\"wp-block-image size-thumbnail\"><a href=\"https:\/\/residenciamadrigal.com\/wp-content\/uploads\/2024\/01\/IMG-20240122-WA0005.jpg\"><img loading=\"lazy\" decoding=\"async\" width=\"150\" height=\"150\" data-id=\"133\" src=\"https:\/\/residenciamadrigal.com\/wp-content\/uploads\/2024\/01\/IMG-20240122-WA0005-150x150.jpg\" alt=\"\" class=\"wp-image-133\"\/><\/a><\/figure>\n<\/figure>\n\n\n\n<p><\/p>\n\n\n\n<div class=\"wp-block-columns is-layout-flex wp-container-core-columns-is-layout-28f84493 wp-block-columns-is-layout-flex\">\n<div class=\"wp-block-column is-layout-flow wp-block-column-is-layout-flow\">\n<h2 class=\"wp-block-heading has-text-color has-link-color wp-elements-3ce5130293047656b2beb6d12f4fdc7a\" style=\"color:#0c8d71\">Servicios<\/h2>\n\n\n\n<p class=\"has-text-color has-link-color has-large-font-size wp-elements-69446873013c5f34172ed68d0863fe80\" style=\"color:#1e64ac\">Las personas dependientes necesitan una atenci\u00f3n que cubra todas sus necesidades fisiol\u00f3gicas, sanitarias y psicol\u00f3gicas:<\/p>\n\n\n\n<h5 class=\"wp-block-heading has-text-color has-link-color wp-elements-e02ed19d7b40c7dfac40921e32035d27\" style=\"color:#0c8d71\">Manutenci\u00f3n<\/h5>\n\n\n\n<p class=\"has-text-color has-link-color wp-elements-df8c0553166789bf29f5d9ffd7167cf7\" style=\"color:#1e64ac\">Cocina Propia, equilibrada, con men\u00fas confeccionados por el quipo m\u00e9dico, adaptados a los usuarios<\/p>\n\n\n\n<h5 class=\"wp-block-heading has-text-color has-link-color wp-elements-266c586fa3da82fad27b366b99b983a9\" style=\"color:#0c8d71\">Asistencia Sanitaria<\/h5>\n\n\n\n<p class=\"has-text-color has-link-color wp-elements-6b3c496658903456beb0ccc5f3e26058\" style=\"color:#1e64ac\">Valoraci\u00f3n integral por parte de los profesionales sanitarios de Residencia Madrigal, tratamiento de patolog\u00edas leves, administraci\u00f3n de medicaci\u00f3n<\/p>\n\n\n\n<h5 class=\"wp-block-heading has-text-color has-link-color wp-elements-0fbdf8e64b1b301c67c53a11dcdb715b\" style=\"color:#0c8d71\">Atenci\u00f3n psicol\u00f3gica<\/h5>\n\n\n\n<ul style=\"color:#1e64ac\" class=\"has-text-color has-link-color wp-block-list wp-elements-3592ab3426ff12c04a9d17c4de01911b\">\n<li>Prevenci\u00f3n o tratamiento de transtornos ps\u00edquicos emocionales<\/li>\n\n\n\n<li>Mantenimiento o mejora de las funciones cognitivas (memoria, orientaci\u00f3n espacial y temporal, etc..)<\/li>\n<\/ul>\n\n\n\n<h5 class=\"wp-block-heading has-text-color has-link-color wp-elements-9b8f2b5449571052a2317fec65cbbc97\" style=\"color:#0c8d71\">Atenci\u00f3n social<\/h5>\n\n\n\n<p class=\"has-text-color has-link-color wp-elements-c1011ac613ba81cef2ee7001b831b569\" style=\"color:#1e64ac\">Informaci\u00f3n, orientaci\u00f3n y asesoramiento, as\u00ed como tramitaci\u00f3n de las diferentes ayudas y prestaciones estatales o auton\u00f3micas<\/p>\n\n\n\n<p><\/p>\n\n\n\n<p><\/p>\n<\/div>\n\n\n\n<div class=\"wp-block-column is-layout-flow wp-block-column-is-layout-flow\">\n<h2 class=\"wp-block-heading has-text-color has-link-color wp-elements-6f02f72e9e84ecba4b8a60eb73b8c777\" style=\"color:#0c8d71\">Instalaciones<\/h2>\n\n\n\n<ul style=\"color:#1e64ac\" class=\"has-text-color has-link-color wp-block-list wp-elements-f1f4949ac83eec615d333204387bb3f3\">\n<li class=\"has-large-font-size\">Sala de lectura<\/li>\n\n\n\n<li class=\"has-large-font-size\">Sala de actividades<\/li>\n\n\n\n<li class=\"has-large-font-size\">Gimnasio<\/li>\n\n\n\n<li class=\"has-large-font-size\">Peluquer\u00eda y podolog\u00eda<\/li>\n\n\n\n<li class=\"has-large-font-size\">Capilla<\/li>\n\n\n\n<li class=\"has-large-font-size\">Terraza ajardinada<\/li>\n<\/ul>\n<\/div>\n<\/div>\n\n\n\n<h2 class=\"wp-block-heading has-text-color has-link-color wp-elements-68fdac91f0f7b4b925f08693d389ad65\" style=\"color:#0c8d71\">Contacta con nosotros<\/h2>\n\n\n<style id=\"wpforms-css-vars-root\">\n\t\t\t\t:root {\n\t\t\t\t\t--wpforms-field-border-radius: 3px;\n--wpforms-field-background-color: #ffffff;\n--wpforms-field-border-color: rgba( 0, 0, 0, 0.25 );\n--wpforms-field-text-color: rgba( 0, 0, 0, 0.7 );\n--wpforms-label-color: rgba( 0, 0, 0, 0.85 );\n--wpforms-label-sublabel-color: rgba( 0, 0, 0, 0.55 );\n--wpforms-label-error-color: #d63637;\n--wpforms-button-border-radius: 3px;\n--wpforms-button-background-color: #066aab;\n--wpforms-button-text-color: #ffffff;\n--wpforms-field-size-input-height: 43px;\n--wpforms-field-size-input-spacing: 15px;\n--wpforms-field-size-font-size: 16px;\n--wpforms-field-size-line-height: 19px;\n--wpforms-field-size-padding-h: 14px;\n--wpforms-field-size-checkbox-size: 16px;\n--wpforms-field-size-sublabel-spacing: 5px;\n--wpforms-field-size-icon-size: 1;\n--wpforms-label-size-font-size: 16px;\n--wpforms-label-size-line-height: 19px;\n--wpforms-label-size-sublabel-font-size: 14px;\n--wpforms-label-size-sublabel-line-height: 17px;\n--wpforms-button-size-font-size: 17px;\n--wpforms-button-size-height: 41px;\n--wpforms-button-size-padding-h: 15px;\n--wpforms-button-size-margin-top: 10px;\n\n\t\t\t\t}\n\t\t\t<\/style><style id=\"wpforms-css-vars-40-block-39e9524d-652f-4933-b3b5-eb718c7013d6\">\n\t\t\t\t#wpforms-40.wpforms-block-39e9524d-652f-4933-b3b5-eb718c7013d6 {\n\t\t\t\t\t--wpforms-field-text-color: #1e64ac;\n--wpforms-label-color: #1e64ac;\n--wpforms-button-background-color: #1e64ac;\n\n\t\t\t\t}\n\t\t\t<\/style><div class=\"wpforms-container wpforms-container-full wpforms-block wpforms-block-39e9524d-652f-4933-b3b5-eb718c7013d6 wpforms-render-modern\" id=\"wpforms-40\"><form id=\"wpforms-form-40\" class=\"wpforms-validate wpforms-form wpforms-ajax-form\" data-formid=\"40\" method=\"post\" enctype=\"multipart\/form-data\" action=\"\/index.php\/wp-json\/wp\/v2\/pages\/11\" data-token=\"eb70a2d497adf975cf5cb114aa59e150\"><noscript class=\"wpforms-error-noscript\">Please enable JavaScript in your browser to complete this form.<\/noscript><div class=\"wpforms-hidden\" id=\"wpforms-error-noscript\">Please enable JavaScript in your browser to complete this form.<\/div><div class=\"wpforms-field-container\"><div id=\"wpforms-40-field_0-container\" class=\"wpforms-field wpforms-field-name\" data-field-id=\"0\"><fieldset><legend class=\"wpforms-field-label\">Nombre <span class=\"wpforms-required-label\" aria-hidden=\"true\">*<\/span><\/legend><div class=\"wpforms-field-row wpforms-field-medium\"><div class=\"wpforms-field-row-block wpforms-first wpforms-one-half\"><input type=\"text\" id=\"wpforms-40-field_0\" class=\"wpforms-field-name-first wpforms-field-required\" name=\"wpforms[fields][0][first]\" aria-errormessage=\"wpforms-40-field_0-error\" required><label for=\"wpforms-40-field_0\" class=\"wpforms-field-sublabel after \">First<\/label><\/div><div class=\"wpforms-field-row-block wpforms-one-half\"><input type=\"text\" id=\"wpforms-40-field_0-last\" class=\"wpforms-field-name-last wpforms-field-required\" name=\"wpforms[fields][0][last]\" aria-errormessage=\"wpforms-40-field_0-last-error\" required><label for=\"wpforms-40-field_0-last\" class=\"wpforms-field-sublabel after \">Last<\/label><\/div><\/div><\/fieldset><\/div><div id=\"wpforms-40-field_3-container\" class=\"wpforms-field wpforms-field-number\" data-field-id=\"3\"><label class=\"wpforms-field-label\" for=\"wpforms-40-field_3\">Tel\u00e9fono <span class=\"wpforms-required-label\" aria-hidden=\"true\">*<\/span><\/label><input type=\"number\" pattern=\"\\d*\" id=\"wpforms-40-field_3\" class=\"wpforms-field-small wpforms-field-required\" name=\"wpforms[fields][3]\" aria-errormessage=\"wpforms-40-field_3-error\" required><\/div><div id=\"wpforms-40-field_1-container\" class=\"wpforms-field wpforms-field-email\" data-field-id=\"1\"><label class=\"wpforms-field-label\" for=\"wpforms-40-field_1\">Correo electr\u00f3nico <span class=\"wpforms-required-label\" aria-hidden=\"true\">*<\/span><\/label><input type=\"email\" id=\"wpforms-40-field_1\" class=\"wpforms-field-medium wpforms-field-required\" name=\"wpforms[fields][1]\" spellcheck=\"false\" aria-errormessage=\"wpforms-40-field_1-error\" required><\/div><div id=\"wpforms-40-field_2-container\" class=\"wpforms-field wpforms-field-textarea\" data-field-id=\"2\"><label class=\"wpforms-field-label\" for=\"wpforms-40-field_2\">Comentario o mensaje<\/label><textarea id=\"wpforms-40-field_2\" class=\"wpforms-field-medium\" name=\"wpforms[fields][2]\" aria-errormessage=\"wpforms-40-field_2-error\" ><\/textarea><\/div><\/div><!-- .wpforms-field-container --><div class=\"wpforms-submit-container\" ><input type=\"hidden\" name=\"wpforms[id]\" value=\"40\"><input type=\"hidden\" name=\"wpforms[author]\" value=\"1\"><button type=\"submit\" name=\"wpforms[submit]\" id=\"wpforms-submit-40\" class=\"wpforms-submit\" data-alt-text=\"Enviando...\" data-submit-text=\"Enviar\" aria-live=\"assertive\" value=\"wpforms-submit\">Enviar<\/button><img loading=\"lazy\" decoding=\"async\" src=\"https:\/\/residenciamadrigal.com\/wp-content\/plugins\/wpforms-lite\/assets\/images\/submit-spin.svg\" class=\"wpforms-submit-spinner\" style=\"display: none;\" width=\"26\" height=\"26\" alt=\"Loading\"><\/div><\/form><\/div>  <!-- .wpforms-container -->\n\n\n<div class=\"wp-block-group is-layout-constrained wp-block-group-is-layout-constrained\"><\/div>\n","protected":false},"excerpt":{"rendered":"<p>Compromiso de bienestar La Residencia MADRIGAL es un centro de atenci\u00f3n integral, desarrollo personal y atenci\u00f3n sociosanitaria interprofesional de hospedaje temporal o permanente para personas dependientes Servicios Las personas dependientes necesitan una atenci\u00f3n que cubra todas sus necesidades fisiol\u00f3gicas, sanitarias y psicol\u00f3gicas: Manutenci\u00f3n Cocina Propia, equilibrada, con men\u00fas confeccionados por el quipo m\u00e9dico, adaptados a [&hellip;]<\/p>\n","protected":false},"author":1,"featured_media":0,"parent":0,"menu_order":0,"comment_status":"closed","ping_status":"closed","template":"","meta":{"footnotes":""},"class_list":["post-11","page","type-page","status-publish","hentry"],"aioseo_notices":[],"_links":{"self":[{"href":"https:\/\/residenciamadrigal.com\/index.php\/wp-json\/wp\/v2\/pages\/11","targetHints":{"allow":["GET"]}}],"collection":[{"href":"https:\/\/residenciamadrigal.com\/index.php\/wp-json\/wp\/v2\/pages"}],"about":[{"href":"https:\/\/residenciamadrigal.com\/index.php\/wp-json\/wp\/v2\/types\/page"}],"author":[{"embeddable":true,"href":"https:\/\/residenciamadrigal.com\/index.php\/wp-json\/wp\/v2\/users\/1"}],"replies":[{"embeddable":true,"href":"https:\/\/residenciamadrigal.com\/index.php\/wp-json\/wp\/v2\/comments?post=11"}],"version-history":[{"count":32,"href":"https:\/\/residenciamadrigal.com\/index.php\/wp-json\/wp\/v2\/pages\/11\/revisions"}],"predecessor-version":[{"id":178,"href":"https:\/\/residenciamadrigal.com\/index.php\/wp-json\/wp\/v2\/pages\/11\/revisions\/178"}],"wp:attachment":[{"href":"https:\/\/residenciamadrigal.com\/index.php\/wp-json\/wp\/v2\/media?parent=11"}],"curies":[{"name":"wp","href":"https:\/\/api.w.org\/{rel}","templated":true}]}}